{"id":2768,"date":"2026-09-02T09:40:06","date_gmt":"2026-09-02T09:40:06","guid":{"rendered":"https:\/\/www.ccfbg.net\/?post_type=tribe_events&#038;p=2768"},"modified":"2026-09-02T09:40:06","modified_gmt":"2026-09-02T09:40:06","slug":"jeudi-cinema-le-comte-de-monte-cristo","status":"publish","type":"tribe_events","link":"https:\/\/www.ccfbg.net\/index.php\/eventos\/jeudi-cinema-le-comte-de-monte-cristo\/","title":{"rendered":"Jeudi cin\u00e9ma: &#8220;Le Comte de Monte Cristo&#8221;"},"content":{"rendered":"<p>Jeudi Cin\u00e9ma \u2013 jeudi 10 septembre \u00e0 19h<\/p>\n<p>Pour la rentr\u00e9e et la r\u00e9ouverture du Centre culturel, Jeudi Cin\u00e9ma revient avec un film exceptionnel : Le Comte de Monte-Cristo, la grande fresque d\u2019aventure et d\u2019action r\u00e9alis\u00e9e par Matthieu Delaporte et Alexandre de La Patelli\u00e8re.<\/p>\n<p>Victime d\u2019un complot, le jeune Edmond Dant\u00e8s est emprisonn\u00e9 pendant quatorze ans au ch\u00e2teau d\u2019If. Apr\u00e8s une spectaculaire \u00e9vasion et la d\u00e9couverte d\u2019un immense tr\u00e9sor, il revient sous l\u2019identit\u00e9 du myst\u00e9rieux comte de Monte-Cristo, bien d\u00e9cid\u00e9 \u00e0 se venger de ceux qui l\u2019ont trahi.<\/p>\n<p>Port\u00e9 par Pierre Niney, entour\u00e9 notamment de Laurent Lafitte, Ana\u00efs Demoustier et Bastien Bouillon, le film revisite avec souffle et modernit\u00e9 le c\u00e9l\u00e8bre roman d\u2019Alexandre Dumas. Publi\u00e9 au XIXe si\u00e8cle, Le Comte de Monte-Cristo est devenu l\u2019un des grands classiques de la litt\u00e9rature fran\u00e7aise, avec son extraordinaire r\u00e9cit de trahison, d\u2019\u00e9vasion, d\u2019amour et de vengeance.<\/p>\n<p>L\u2019occasion id\u00e9ale de passer une tr\u00e8s bonne soir\u00e9e, entre amis ou en famille, et de d\u00e9couvrir ou red\u00e9couvrir un grand classique de la litt\u00e9rature et du cin\u00e9ma fran\u00e7ais !<\/p>\n<p>Bande-annonce officielle : <a href=\"https:\/\/www.youtube.com\/watch?v=u0YnbsyvGS0\">https:\/\/www.youtube.com\/watch?v=u0YnbsyvGS0<\/a><\/p>\n<p>Film pr\u00e9sent\u00e9 en fran\u00e7ais, sous-titr\u00e9 en portugais<br \/>\nDur\u00e9e : 2h58<br \/>\n\u00c2ge conseill\u00e9 : \u00e0 partir de 12 ans<\/p>\n<p>Entr\u00e9e libre<br \/>\nCCFBG \u2013 Pra\u00e7a Che Guevara, Bissau<\/p>\n<p>Jeudi Cinema \u2013 quinta-feira, 10 de setembro, \u00e0s 19h<\/p>\n<p>Para assinalar o regresso e a reabertura do Centro Cultural, o Jeudi Cinema est\u00e1 de volta com um filme excecional: Le Comte de Monte-Cristo, uma grande aventura realizada por Matthieu Delaporte e Alexandre de La Patelli\u00e8re.<\/p>\n<p>V\u00edtima de uma conspira\u00e7\u00e3o, o jovem Edmond Dant\u00e8s \u00e9 preso durante catorze anos no Ch\u00e2teau d\u2019If. Depois de uma fuga espetacular e da descoberta de um imenso tesouro, regressa sob a identidade do misterioso Conde de Monte-Cristo, determinado a vingar-se daqueles que o tra\u00edram.<\/p>\n<p>Protagonizado por Pierre Niney, ao lado de grandes nomes do cinema franc\u00eas como Laurent Lafitte, Ana\u00efs Demoustier e Bastien Bouillon, o filme revisita com ritmo, a\u00e7\u00e3o e modernidade o c\u00e9lebre romance de Alexandre Dumas. Publicado no s\u00e9culo XIX, Le Comte de Monte-Cristo tornou-se um dos grandes cl\u00e1ssicos da literatura francesa, com a sua inesquec\u00edvel hist\u00f3ria de trai\u00e7\u00e3o, fuga, amor e vingan\u00e7a.<\/p>\n<p>Uma excelente oportunidade para passar uma grande noite entre amigos ou em fam\u00edlia e descobrir ou redescobrir um cl\u00e1ssico da literatura e do cinema franc\u00eas!<\/p>\n<p>Trailer oficial: <a href=\"https:\/\/www.youtube.com\/watch?v=u0YnbsyvGS0\">https:\/\/www.youtube.com\/watch?v=u0YnbsyvGS0<\/a><\/p>\n<p>Filme apresentado em franc\u00eas, com legendas em portugu\u00eas<br \/>\nDura\u00e7\u00e3o: 2h58<br \/>\nIdade recomendada: a partir dos 12 anos<\/p>\n<p>Entrada livre<br \/>\nCCFBG \u2013 Pra\u00e7a Che Guevara, Bissau<\/p>\n","protected":false},"excerpt":{"rendered":"<p>Jeudi Cin\u00e9ma \u2013 jeudi 10 septembre \u00e0 19h Pour la rentr\u00e9e et la r\u00e9ouverture du Centre culturel, Jeudi Cin\u00e9ma revient avec un film exceptionnel : Le Comte de Monte-Cristo, la&hellip;<\/p>\n","protected":false},"author":1,"featured_media":2769,"comment_status":"closed","ping_status":"closed","template":"","meta":{"_tribe_events_status":"","_tribe_events_status_reason":"","footnotes":""},"tags":[],"tribe_events_cat":[12],"class_list":["post-2768","tribe_events","type-tribe_events","status-publish","has-post-thumbnail","hentry","tribe_events_cat-cinema","cat_cinema"],"_links":{"self":[{"href":"https:\/\/www.ccfbg.net\/index.php\/wp-json\/wp\/v2\/tribe_events\/2768","targetHints":{"allow":["GET"]}}],"collection":[{"href":"https:\/\/www.ccfbg.net\/index.php\/wp-json\/wp\/v2\/tribe_events"}],"about":[{"href":"https:\/\/www.ccfbg.net\/index.php\/wp-json\/wp\/v2\/types\/tribe_events"}],"author":[{"embeddable":true,"href":"https:\/\/www.ccfbg.net\/index.php\/wp-json\/wp\/v2\/users\/1"}],"replies":[{"embeddable":true,"href":"https:\/\/www.ccfbg.net\/index.php\/wp-json\/wp\/v2\/comments?post=2768"}],"version-history":[{"count":1,"href":"https:\/\/www.ccfbg.net\/index.php\/wp-json\/wp\/v2\/tribe_events\/2768\/revisions"}],"predecessor-version":[{"id":2770,"href":"https:\/\/www.ccfbg.net\/index.php\/wp-json\/wp\/v2\/tribe_events\/2768\/revisions\/2770"}],"wp:featuredmedia":[{"embeddable":true,"href":"https:\/\/www.ccfbg.net\/index.php\/wp-json\/wp\/v2\/media\/2769"}],"wp:attachment":[{"href":"https:\/\/www.ccfbg.net\/index.php\/wp-json\/wp\/v2\/media?parent=2768"}],"wp:term":[{"taxonomy":"post_tag","embeddable":true,"href":"https:\/\/www.ccfbg.net\/index.php\/wp-json\/wp\/v2\/tags?post=2768"},{"taxonomy":"tribe_events_cat","embeddable":true,"href":"https:\/\/www.ccfbg.net\/index.php\/wp-json\/wp\/v2\/tribe_events_cat?post=2768"}],"curies":[{"name":"wp","href":"https:\/\/api.w.org\/{rel}","templated":true}]}}