{"id":2504,"date":"2026-03-11T11:48:26","date_gmt":"2026-03-11T11:48:26","guid":{"rendered":"https:\/\/www.ccfbg.net\/?post_type=tribe_events&#038;p=2504"},"modified":"2026-03-11T11:48:36","modified_gmt":"2026-03-11T11:48:36","slug":"va-edicao-da-comemoracao-do-dia-internacional-da-matematica-na-guine-bissau","status":"publish","type":"tribe_events","link":"https:\/\/www.ccfbg.net\/index.php\/eventos\/va-edicao-da-comemoracao-do-dia-internacional-da-matematica-na-guine-bissau\/","title":{"rendered":"V\u00aa edi\u00e7\u00e3o da comemora\u00e7\u00e3o do Dia Internacional da Matem\u00e1tica na Guin\u00e9-Bissau."},"content":{"rendered":"<div class=\"xdj266r x14z9mp xat24cr x1lziwak x1vvkbs x126k92a\">\n<div dir=\"auto\">No s\u00e1bado, 14 de mar\u00e7o, das 9h \u00e0s 13h, o Centro Cultural Franco-Bissau-Guineense acolhe a V\u00aa edi\u00e7\u00e3o da comemora\u00e7\u00e3o do Dia Internacional da Matem\u00e1tica na Guin\u00e9-Bissau.<\/div>\n<div dir=\"auto\"><\/div>\n<\/div>\n<div class=\"x14z9mp xat24cr x1lziwak x1vvkbs xtlvy1s x126k92a\">\n<div dir=\"auto\">O evento \u00e9 organizado pela Associa\u00e7\u00e3o dos Estudantes de Matem\u00e1tica de Tchico T\u00e9, em parceria com v\u00e1rios estabelecimentos escolares do ensino p\u00fablico da Guin\u00e9-Bissau. A iniciativa reunir\u00e1 estudantes, professores e convidados em torno de atividades que valorizam a matem\u00e1tica e o seu papel na educa\u00e7\u00e3o.<\/div>\n<\/div>\n<div class=\"x14z9mp xat24cr x1lziwak x1vvkbs xtlvy1s x126k92a\">\n<div dir=\"auto\"><\/div>\n<div dir=\"auto\">O programa inclui interven\u00e7\u00f5es institucionais, momentos art\u00edsticos, concursos para estudantes do ensino b\u00e1sico e do ensino superior, bem como uma palestra dedicada \u00e0 import\u00e2ncia da matem\u00e1tica na forma\u00e7\u00e3o das novas gera\u00e7\u00f5es. Est\u00e3o igualmente previstos momentos simb\u00f3licos, como a entoa\u00e7\u00e3o do hino nacional e uma homenagem a Gidone Ant\u00f3nio Sanca e aos alunos de Atadamum.<\/div>\n<\/div>\n<div class=\"x14z9mp xat24cr x1lziwak x1vvkbs xtlvy1s x126k92a\">\n<div dir=\"auto\"><\/div>\n<div dir=\"auto\">A programa\u00e7\u00e3o contar\u00e1 ainda com anima\u00e7\u00e3o musical, poesia, entrega de certificados e um momento de conv\u00edvio final.<\/div>\n<\/div>\n<div class=\"x14z9mp xat24cr x1lziwak x1vvkbs xtlvy1s x126k92a\">\n<div dir=\"auto\"><\/div>\n<div dir=\"auto\">Le samedi 14 mars, de 9h \u00e0 13h, le Centre Culturel Franco-Bissau-Guin\u00e9en accueille la 5\u1d49 \u00e9dition de la c\u00e9l\u00e9bration de la Journ\u00e9e internationale des math\u00e9matiques en Guin\u00e9e-Bissau.<\/div>\n<\/div>\n<div class=\"x14z9mp xat24cr x1lziwak x1vvkbs xtlvy1s x126k92a\">\n<div dir=\"auto\"><\/div>\n<div dir=\"auto\">L\u2019\u00e9v\u00e9nement est organis\u00e9 par l\u2019Association des \u00c9tudiants de Math\u00e9matiques de Tchico T\u00e9, en partenariat avec plusieurs \u00e9tablissements scolaires du r\u00e9seau public d\u2019enseignement de Guin\u00e9e-Bissau. Cette matin\u00e9e r\u00e9unira \u00e9l\u00e8ves, enseignants et invit\u00e9s autour d\u2019activit\u00e9s mettant \u00e0 l\u2019honneur les math\u00e9matiques et leur place dans l\u2019\u00e9ducation.<\/div>\n<\/div>\n<div class=\"x14z9mp xat24cr x1lziwak x1vvkbs xtlvy1s x126k92a\">\n<div dir=\"auto\">Le programme pr\u00e9voit des interventions institutionnelles, des moments artistiques, des concours pour les \u00e9l\u00e8ves de l\u2019enseignement de base et de l\u2019enseignement sup\u00e9rieur, ainsi qu\u2019une conf\u00e9rence consacr\u00e9e \u00e0 l\u2019importance des math\u00e9matiques dans la formation des jeunes. Des moments symboliques sont \u00e9galement pr\u00e9vus, avec l\u2019hymne national et un hommage rendu \u00e0 Gidone Ant\u00f3nio Sanca ainsi qu\u2019aux \u00e9l\u00e8ves d\u2019Atadamum.<\/div>\n<\/div>\n<div class=\"x14z9mp xat24cr x1lziwak x1vvkbs xtlvy1s x126k92a\">\n<div dir=\"auto\"><\/div>\n<div dir=\"auto\">La matin\u00e9e sera \u00e9galement rythm\u00e9e par des animations musicales, des lectures de po\u00e9sie, la remise de certificats et un moment convivial de cl\u00f4ture.<\/div>\n<\/div>\n","protected":false},"excerpt":{"rendered":"<p>No s\u00e1bado, 14 de mar\u00e7o, das 9h \u00e0s 13h, o Centro Cultural Franco-Bissau-Guineense acolhe a V\u00aa edi\u00e7\u00e3o da comemora\u00e7\u00e3o do Dia Internacional da Matem\u00e1tica na Guin\u00e9-Bissau. O evento \u00e9 organizado&hellip;<\/p>\n","protected":false},"author":1,"featured_media":2505,"comment_status":"closed","ping_status":"closed","template":"","meta":{"_tribe_events_status":"","_tribe_events_status_reason":"","footnotes":""},"tags":[],"tribe_events_cat":[46,35],"class_list":["post-2504","tribe_events","type-tribe_events","status-publish","has-post-thumbnail","hentry","tribe_events_cat-conferencia","tribe_events_cat-jeune-public","cat_conferencia","cat_jeune-public"],"_links":{"self":[{"href":"https:\/\/www.ccfbg.net\/index.php\/wp-json\/wp\/v2\/tribe_events\/2504","targetHints":{"allow":["GET"]}}],"collection":[{"href":"https:\/\/www.ccfbg.net\/index.php\/wp-json\/wp\/v2\/tribe_events"}],"about":[{"href":"https:\/\/www.ccfbg.net\/index.php\/wp-json\/wp\/v2\/types\/tribe_events"}],"author":[{"embeddable":true,"href":"https:\/\/www.ccfbg.net\/index.php\/wp-json\/wp\/v2\/users\/1"}],"replies":[{"embeddable":true,"href":"https:\/\/www.ccfbg.net\/index.php\/wp-json\/wp\/v2\/comments?post=2504"}],"version-history":[{"count":1,"href":"https:\/\/www.ccfbg.net\/index.php\/wp-json\/wp\/v2\/tribe_events\/2504\/revisions"}],"predecessor-version":[{"id":2506,"href":"https:\/\/www.ccfbg.net\/index.php\/wp-json\/wp\/v2\/tribe_events\/2504\/revisions\/2506"}],"wp:featuredmedia":[{"embeddable":true,"href":"https:\/\/www.ccfbg.net\/index.php\/wp-json\/wp\/v2\/media\/2505"}],"wp:attachment":[{"href":"https:\/\/www.ccfbg.net\/index.php\/wp-json\/wp\/v2\/media?parent=2504"}],"wp:term":[{"taxonomy":"post_tag","embeddable":true,"href":"https:\/\/www.ccfbg.net\/index.php\/wp-json\/wp\/v2\/tags?post=2504"},{"taxonomy":"tribe_events_cat","embeddable":true,"href":"https:\/\/www.ccfbg.net\/index.php\/wp-json\/wp\/v2\/tribe_events_cat?post=2504"}],"curies":[{"name":"wp","href":"https:\/\/api.w.org\/{rel}","templated":true}]}}