{"id":2401,"date":"2026-01-21T16:02:46","date_gmt":"2026-01-21T16:02:46","guid":{"rendered":"https:\/\/www.ccfbg.net\/?post_type=tribe_events&#038;p=2401"},"modified":"2026-01-21T16:02:46","modified_gmt":"2026-01-21T16:02:46","slug":"sabado-24-de-janeiro-conferencia-de-miguel-de-barros-inovar-para-transformar-a-juventude-guineense-samedi-24-janvier-conference-de-miguel-de-barros-innover-pour-transformer-la","status":"publish","type":"tribe_events","link":"https:\/\/www.ccfbg.net\/index.php\/eventos\/sabado-24-de-janeiro-conferencia-de-miguel-de-barros-inovar-para-transformar-a-juventude-guineense-samedi-24-janvier-conference-de-miguel-de-barros-innover-pour-transformer-la\/","title":{"rendered":"S\u00e1bado, 24 de janeiro \u2013 Confer\u00eancia de Miguel de Barros: inovar para transformar a juventude guineense. Samedi 24 janvier \u2013 Conf\u00e9rence de Miguel de Barros : innover pour transformer la jeunesse guin\u00e9enne"},"content":{"rendered":"<div class=\"xdj266r x14z9mp xat24cr x1lziwak x1vvkbs x126k92a\">\n<div dir=\"auto\">Encontro marcado para s\u00e1bado, 24 de janeiro, das 9h \u00e0s 12h, no Centro Cultural Franco-Guineense.<\/div>\n<div dir=\"auto\">Participe numa palestra-debate inspiradora sobre<\/div>\n<div dir=\"auto\">\u00ab inova\u00e7\u00e3o social e transforma\u00e7\u00e3o cultural: caminhos para os jovens guineenses \u00bb.<\/div>\n<\/div>\n<div class=\"x14z9mp xat24cr x1lziwak x1vvkbs xtlvy1s x126k92a\">\n<div dir=\"auto\">A sess\u00e3o ser\u00e1 conduzida por Miguel de Barros, soci\u00f3logo guineense de refer\u00eancia, e destina-se a jovens, estudantes, empreendedores, agentes culturais e associativos, bem como a todas as pessoas interessadas em cidadania, empreendedorismo e desenvolvimento social na Guin\u00e9-Bissau.<\/div>\n<\/div>\n<div class=\"x14z9mp xat24cr x1lziwak x1vvkbs xtlvy1s x126k92a\">\n<div dir=\"auto\">Organizado pela Ragasamanga, este encontro cria um espa\u00e7o de partilha, reflex\u00e3o e di\u00e1logo, refor\u00e7ando o papel da juventude como motor de transforma\u00e7\u00e3o social.<\/div>\n<\/div>\n<div class=\"x14z9mp xat24cr x1lziwak x1vvkbs xtlvy1s x126k92a\">\n<div dir=\"auto\"><span class=\"html-span xexx8yu xyri2b x18d9i69 x1c1uobl x1hl2dhg x16tdsg8 x1vvkbs x3nfvp2 x1j61x8r x1fcty0u xdj266r xat24cr xm2jcoa x1mpyi22 xxymvpz xlup9mm x1kky2od\"><img loading=\"lazy\" decoding=\"async\" class=\"xz74otr x15mokao x1ga7v0g x16uus16 xbiv7yw\" src=\"https:\/\/static.xx.fbcdn.net\/images\/emoji.php\/v9\/t2d\/1\/16\/1f4cd.png\" alt=\"\ud83d\udccd\" width=\"16\" height=\"16\" \/><\/span> Centro Cultural Franco-Guineense<\/div>\n<div dir=\"auto\"><span class=\"html-span xexx8yu xyri2b x18d9i69 x1c1uobl x1hl2dhg x16tdsg8 x1vvkbs x3nfvp2 x1j61x8r x1fcty0u xdj266r xat24cr xm2jcoa x1mpyi22 xxymvpz xlup9mm x1kky2od\"><img loading=\"lazy\" decoding=\"async\" class=\"xz74otr x15mokao x1ga7v0g x16uus16 xbiv7yw\" src=\"https:\/\/static.xx.fbcdn.net\/images\/emoji.php\/v9\/tdd\/1\/16\/1f4b3.png\" alt=\"\ud83d\udcb3\" width=\"16\" height=\"16\" \/><\/span> Entrada:<\/div>\n<div dir=\"auto\">\u2022 Estudantes: 3.000 XOF<\/div>\n<div dir=\"auto\">\u2022 P\u00fablico geral: 4.500 XOF<\/div>\n<div dir=\"auto\">&#8212;<\/div>\n<div dir=\"auto\">Rendez-vous le samedi 24 janvier, de 9h \u00e0 12h, au Centre culturel franco-bissau-guin\u00e9en.<\/div>\n<div dir=\"auto\">Venez participer \u00e0 une conf\u00e9rence-d\u00e9bat inspirante autour de<\/div>\n<div dir=\"auto\">\u00ab l\u2019innovation sociale et la transformation culturelle : chemins pour la jeunesse guin\u00e9enne \u00bb.<\/div>\n<\/div>\n<div class=\"x14z9mp xat24cr x1lziwak x1vvkbs xtlvy1s x126k92a\">\n<div dir=\"auto\">Cette rencontre sera anim\u00e9e par Miguel de Barros, sociologue guin\u00e9en reconnu. Elle s\u2019adresse aux jeunes, \u00e9tudiants, entrepreneurs, acteurs culturels et associatifs, ainsi qu\u2019\u00e0 toute personne int\u00e9ress\u00e9e par les enjeux de citoyennet\u00e9, d\u2019entrepreneuriat et de transformation sociale en Guin\u00e9e-Bissau.<\/div>\n<\/div>\n<div class=\"x14z9mp xat24cr x1lziwak x1vvkbs xtlvy1s x126k92a\">\n<div dir=\"auto\">Organis\u00e9 par Ragasamanga, cet \u00e9v\u00e9nement propose un espace de r\u00e9flexion, d\u2019\u00e9changes et de dialogue, afin de renforcer le r\u00f4le de la jeunesse comme actrice du changement.<\/div>\n<\/div>\n<div class=\"x14z9mp xat24cr x1lziwak x1vvkbs xtlvy1s x126k92a\">\n<div dir=\"auto\"><span class=\"html-span xexx8yu xyri2b x18d9i69 x1c1uobl x1hl2dhg x16tdsg8 x1vvkbs x3nfvp2 x1j61x8r x1fcty0u xdj266r xat24cr xm2jcoa x1mpyi22 xxymvpz xlup9mm x1kky2od\"><img loading=\"lazy\" decoding=\"async\" class=\"xz74otr x15mokao x1ga7v0g x16uus16 xbiv7yw\" src=\"https:\/\/static.xx.fbcdn.net\/images\/emoji.php\/v9\/t2d\/1\/16\/1f4cd.png\" alt=\"\ud83d\udccd\" width=\"16\" height=\"16\" \/><\/span> Centre culturel franco-bissau-guin\u00e9en<\/div>\n<div dir=\"auto\"><span class=\"html-span xexx8yu xyri2b x18d9i69 x1c1uobl x1hl2dhg x16tdsg8 x1vvkbs x3nfvp2 x1j61x8r x1fcty0u xdj266r xat24cr xm2jcoa x1mpyi22 xxymvpz xlup9mm x1kky2od\"><img loading=\"lazy\" decoding=\"async\" class=\"xz74otr x15mokao x1ga7v0g x16uus16 xbiv7yw\" src=\"https:\/\/static.xx.fbcdn.net\/images\/emoji.php\/v9\/tdd\/1\/16\/1f4b3.png\" alt=\"\ud83d\udcb3\" width=\"16\" height=\"16\" \/><\/span> Entr\u00e9e :<\/div>\n<div dir=\"auto\">\u2022 \u00c9tudiants : 3.000 XOF<\/div>\n<div dir=\"auto\">\u2022 Public g\u00e9n\u00e9ral : 4.500 XOF<\/div>\n<\/div>\n<p data-start=\"128\" data-end=\"388\">\n<p data-start=\"128\" data-end=\"388\"><strong data-start=\"128\" data-end=\"220\">Rendez-vous le samedi 24 janvier, de 9h \u00e0 12h, au Centre culturel franco-bissau-guin\u00e9en.<\/strong><br data-start=\"220\" data-end=\"223\" \/>Venez participer \u00e0 une <strong data-start=\"246\" data-end=\"277\">conf\u00e9rence-d\u00e9bat inspirante<\/strong> autour de<br data-start=\"287\" data-end=\"290\" \/><strong data-start=\"290\" data-end=\"387\">\u00ab l\u2019innovation sociale et la transformation culturelle : chemins pour la jeunesse guin\u00e9enne \u00bb<\/strong>.<\/p>\n<p data-start=\"390\" data-end=\"720\">Cette rencontre sera anim\u00e9e par <strong data-start=\"422\" data-end=\"463\"><span class=\"hover:entity-accent entity-underline inline cursor-pointer align-baseline\"><span class=\"whitespace-normal\">Miguel de Barros<\/span><\/span><\/strong>, sociologue guin\u00e9en reconnu. Elle s\u2019adresse aux <strong data-start=\"512\" data-end=\"582\">jeunes, \u00e9tudiants, entrepreneurs, acteurs culturels et associatifs<\/strong>, ainsi qu\u2019\u00e0 toute personne int\u00e9ress\u00e9e par les enjeux de <strong data-start=\"639\" data-end=\"702\">citoyennet\u00e9, d\u2019entrepreneuriat et de transformation sociale<\/strong> en Guin\u00e9e-Bissau.<\/p>\n<p data-start=\"722\" data-end=\"902\">Organis\u00e9 par <strong data-start=\"735\" data-end=\"750\">Ragasamanga<\/strong>, cet \u00e9v\u00e9nement propose un <strong data-start=\"777\" data-end=\"827\">espace de r\u00e9flexion, d\u2019\u00e9changes et de dialogue<\/strong>, afin de renforcer le r\u00f4le de la jeunesse comme <strong data-start=\"876\" data-end=\"901\">actrice du changement<\/strong>.<\/p>\n<p data-start=\"904\" data-end=\"1023\">\ud83d\udccd Centre culturel franco-bissau-guin\u00e9en<br data-start=\"944\" data-end=\"947\" \/>\ud83d\udcb3 Entr\u00e9e :<br data-start=\"958\" data-end=\"961\" \/>\u2022 \u00c9tudiants : <strong data-start=\"975\" data-end=\"988\">3.000 XOF<\/strong><br data-start=\"988\" data-end=\"991\" \/>\u2022 Public g\u00e9n\u00e9ral : <strong data-start=\"1010\" data-end=\"1023\">4.500 XOF<\/strong><\/p>\n","protected":false},"excerpt":{"rendered":"<p>Encontro marcado para s\u00e1bado, 24 de janeiro, das 9h \u00e0s 12h, no Centro Cultural Franco-Guineense. Participe numa palestra-debate inspiradora sobre \u00ab inova\u00e7\u00e3o social e transforma\u00e7\u00e3o cultural: caminhos para os jovens&hellip;<\/p>\n","protected":false},"author":1,"featured_media":0,"comment_status":"closed","ping_status":"closed","template":"","meta":{"_tribe_events_status":"","_tribe_events_status_reason":"","footnotes":""},"tags":[],"tribe_events_cat":[46],"class_list":["post-2401","tribe_events","type-tribe_events","status-publish","hentry","tribe_events_cat-conferencia","cat_conferencia"],"_links":{"self":[{"href":"https:\/\/www.ccfbg.net\/index.php\/wp-json\/wp\/v2\/tribe_events\/2401","targetHints":{"allow":["GET"]}}],"collection":[{"href":"https:\/\/www.ccfbg.net\/index.php\/wp-json\/wp\/v2\/tribe_events"}],"about":[{"href":"https:\/\/www.ccfbg.net\/index.php\/wp-json\/wp\/v2\/types\/tribe_events"}],"author":[{"embeddable":true,"href":"https:\/\/www.ccfbg.net\/index.php\/wp-json\/wp\/v2\/users\/1"}],"replies":[{"embeddable":true,"href":"https:\/\/www.ccfbg.net\/index.php\/wp-json\/wp\/v2\/comments?post=2401"}],"version-history":[{"count":1,"href":"https:\/\/www.ccfbg.net\/index.php\/wp-json\/wp\/v2\/tribe_events\/2401\/revisions"}],"predecessor-version":[{"id":2405,"href":"https:\/\/www.ccfbg.net\/index.php\/wp-json\/wp\/v2\/tribe_events\/2401\/revisions\/2405"}],"wp:attachment":[{"href":"https:\/\/www.ccfbg.net\/index.php\/wp-json\/wp\/v2\/media?parent=2401"}],"wp:term":[{"taxonomy":"post_tag","embeddable":true,"href":"https:\/\/www.ccfbg.net\/index.php\/wp-json\/wp\/v2\/tags?post=2401"},{"taxonomy":"tribe_events_cat","embeddable":true,"href":"https:\/\/www.ccfbg.net\/index.php\/wp-json\/wp\/v2\/tribe_events_cat?post=2401"}],"curies":[{"name":"wp","href":"https:\/\/api.w.org\/{rel}","templated":true}]}}