{"id":2253,"date":"2025-10-14T18:16:14","date_gmt":"2025-10-14T18:16:14","guid":{"rendered":"https:\/\/www.ccfbg.net\/?post_type=tribe_events&#038;p=2253"},"modified":"2025-10-14T18:16:14","modified_gmt":"2025-10-14T18:16:14","slug":"mercredi-cinema-manga-dterra-cabo-verde-portugal","status":"publish","type":"tribe_events","link":"https:\/\/www.ccfbg.net\/index.php\/eventos\/mercredi-cinema-manga-dterra-cabo-verde-portugal\/","title":{"rendered":"Mercredi cin\u00e9ma: Manga D&#8217;Terra (Cabo Verde &#8211; Portugal)"},"content":{"rendered":"<h2 data-start=\"186\" data-end=\"248\"><strong data-start=\"194\" data-end=\"246\">Projection sp\u00e9ciale \u2013 Mercredi 26 novembre \u00e0 19h<\/strong><\/h2>\n<h3 data-start=\"249\" data-end=\"291\"><strong data-start=\"253\" data-end=\"291\">Entr\u00e9e libre \u2013 Auditorium du CCFBG<\/strong><\/h3>\n<p data-start=\"293\" data-end=\"445\">\ud83c\udfac <strong data-start=\"296\" data-end=\"313\">MANGA D\u2019TERRA<\/strong><br data-start=\"313\" data-end=\"316\" \/><em data-start=\"316\" data-end=\"343\">Un film de Basil Da Cunha<\/em><br data-start=\"343\" data-end=\"346\" \/>(Suisse \/ Portugal \u2013 2023 \u2013 96 min \u2013 en portugais et en cr\u00e9ole cap-verdien, sous-titr\u00e9 en fran\u00e7ais)<\/p>\n<p data-start=\"447\" data-end=\"690\">\u00c0 l\u2019occasion de la <strong data-start=\"466\" data-end=\"547\">Journ\u00e9e internationale pour l\u2019\u00e9limination de la violence \u00e0 l\u2019\u00e9gard des femmes<\/strong> (25 novembre), le <strong data-start=\"566\" data-end=\"607\">Centre Culturel Franco-Bissau-Guin\u00e9en<\/strong> propose une projection sp\u00e9ciale du film <strong data-start=\"648\" data-end=\"667\"><em data-start=\"650\" data-end=\"665\">Manga d\u2019T\u00e8rra<\/em><\/strong> de <strong data-start=\"671\" data-end=\"689\">Basil Da Cunha<\/strong>.<\/p>\n<p data-start=\"692\" data-end=\"933\">Le film raconte l\u2019histoire de <strong data-start=\"722\" data-end=\"730\">Rosa<\/strong>, 20 ans, qui quitte le Cap-Vert pour s\u2019installer \u00e0 Lisbonne, dans le quartier de Reboleira. Entre solitude, danger et solidarit\u00e9, elle cherche \u00e0 tracer sa voie et \u00e0 se reconstruire \u00e0 travers la musique.<\/p>\n<p data-start=\"935\" data-end=\"1084\">\ud83c\udfa5 <strong data-start=\"938\" data-end=\"973\">Mercredi 26 novembre 2025 \u2013 19h<\/strong><br data-start=\"973\" data-end=\"976\" \/>\ud83d\udccd <strong data-start=\"979\" data-end=\"1059\">Auditorium du CCFBG \u2013 Avenida dos Combatentes da Liberdade da P\u00e1tria, Bissau<\/strong><br data-start=\"1059\" data-end=\"1062\" \/>\ud83d\udcac <strong data-start=\"1065\" data-end=\"1084\">Entr\u00e9e gratuite<\/strong><\/p>\n<p data-start=\"1086\" data-end=\"1336\">Cette s\u00e9ance rend hommage au courage et \u00e0 la r\u00e9silience des femmes.<br data-start=\"1153\" data-end=\"1156\" \/>Nous remercions chaleureusement <strong data-start=\"1188\" data-end=\"1202\">Jo\u00e3o Nunes<\/strong> et la <strong data-start=\"1209\" data-end=\"1239\">produtora Continue Walking<\/strong> pour leur g\u00e9n\u00e9reux appui et la <strong data-start=\"1271\" data-end=\"1327\">mise \u00e0 disposition gratuite des droits de projection<\/strong> du film.<\/p>\n<hr data-start=\"1338\" data-end=\"1341\" \/>\n<h2 data-start=\"1343\" data-end=\"1410\"><strong data-start=\"1351\" data-end=\"1408\">Sess\u00e3o especial \u2013 Quarta-feira, 26 de novembro \u00e0s 19h<\/strong><\/h2>\n<h3 data-start=\"1411\" data-end=\"1453\"><strong data-start=\"1415\" data-end=\"1453\">Entrada livre \u2013 Audit\u00f3rio do CCFBG<\/strong><\/h3>\n<p data-start=\"1455\" data-end=\"1604\">\ud83c\udfac <strong data-start=\"1458\" data-end=\"1475\">MANGA D\u2019TERRA<\/strong><br data-start=\"1475\" data-end=\"1478\" \/><em data-start=\"1478\" data-end=\"1506\">Um filme de Basil Da Cunha<\/em><br data-start=\"1506\" data-end=\"1509\" \/>(Su\u00ed\u00e7a \/ Portugal \u2013 2023 \u2013 96 min \u2013 em portugu\u00eas e crioulo cabo-verdiano, legendado em franc\u00eas)<\/p>\n<p data-start=\"1606\" data-end=\"1850\">Por ocasi\u00e3o do <strong data-start=\"1621\" data-end=\"1692\">Dia Internacional para a Elimina\u00e7\u00e3o da Viol\u00eancia contra as Mulheres<\/strong> (25 de novembro), o <strong data-start=\"1713\" data-end=\"1756\">Centro Cultural Franco-Bissau-Guineense<\/strong> apresenta uma sess\u00e3o especial do filme <strong data-start=\"1796\" data-end=\"1815\"><em data-start=\"1798\" data-end=\"1813\">Manga d\u2019T\u00e8rra<\/em><\/strong>, realizado por <strong data-start=\"1831\" data-end=\"1849\">Basil Da Cunha<\/strong>.<\/p>\n<p data-start=\"1852\" data-end=\"2061\">O filme acompanha <strong data-start=\"1870\" data-end=\"1878\">Rosa<\/strong>, 20 anos, que deixa Cabo Verde e se instala em Lisboa, no bairro da Reboleira. Entre o perigo e a solidariedade, procura reconstruir-se e encontrar um novo caminho atrav\u00e9s da m\u00fasica.<\/p>\n<p data-start=\"2063\" data-end=\"2223\">\ud83c\udfa5 <strong data-start=\"2066\" data-end=\"2112\">Quarta-feira, 26 de novembro de 2025 \u2013 19h<\/strong><br data-start=\"2112\" data-end=\"2115\" \/>\ud83d\udccd <strong data-start=\"2118\" data-end=\"2197\">Audit\u00f3rio do CCFBG \u2013 Avenida dos Combatentes da Liberdade da P\u00e1tria, Bissau<\/strong><br data-start=\"2197\" data-end=\"2200\" \/>\ud83d\udcac <strong data-start=\"2203\" data-end=\"2223\">Entrada gratuita<\/strong><\/p>\n<p data-start=\"2225\" data-end=\"2418\">Uma homenagem \u00e0 coragem e \u00e0 for\u00e7a das mulheres.<br data-start=\"2272\" data-end=\"2275\" \/>Agradecemos calorosamente a <strong data-start=\"2303\" data-end=\"2317\">Jo\u00e3o Nunes<\/strong> e \u00e0 <strong data-start=\"2322\" data-end=\"2352\">produtora Continue Walking<\/strong> pelo apoio e pela <strong data-start=\"2371\" data-end=\"2417\">ced\u00eancia gratuita dos direitos de exibi\u00e7\u00e3o<\/strong>.<\/p>\n","protected":false},"excerpt":{"rendered":"<p>Projection sp\u00e9ciale \u2013 Mercredi 26 novembre \u00e0 19h Entr\u00e9e libre \u2013 Auditorium du CCFBG \ud83c\udfac MANGA D\u2019TERRAUn film de Basil Da Cunha(Suisse \/ Portugal \u2013 2023 \u2013 96 min \u2013&hellip;<\/p>\n","protected":false},"author":1,"featured_media":2254,"comment_status":"closed","ping_status":"closed","template":"","meta":{"_tribe_events_status":"","_tribe_events_status_reason":"","footnotes":""},"tags":[],"tribe_events_cat":[12],"class_list":["post-2253","tribe_events","type-tribe_events","status-publish","has-post-thumbnail","hentry","tribe_events_cat-cinema","cat_cinema"],"_links":{"self":[{"href":"https:\/\/www.ccfbg.net\/index.php\/wp-json\/wp\/v2\/tribe_events\/2253","targetHints":{"allow":["GET"]}}],"collection":[{"href":"https:\/\/www.ccfbg.net\/index.php\/wp-json\/wp\/v2\/tribe_events"}],"about":[{"href":"https:\/\/www.ccfbg.net\/index.php\/wp-json\/wp\/v2\/types\/tribe_events"}],"author":[{"embeddable":true,"href":"https:\/\/www.ccfbg.net\/index.php\/wp-json\/wp\/v2\/users\/1"}],"replies":[{"embeddable":true,"href":"https:\/\/www.ccfbg.net\/index.php\/wp-json\/wp\/v2\/comments?post=2253"}],"version-history":[{"count":1,"href":"https:\/\/www.ccfbg.net\/index.php\/wp-json\/wp\/v2\/tribe_events\/2253\/revisions"}],"predecessor-version":[{"id":2255,"href":"https:\/\/www.ccfbg.net\/index.php\/wp-json\/wp\/v2\/tribe_events\/2253\/revisions\/2255"}],"wp:featuredmedia":[{"embeddable":true,"href":"https:\/\/www.ccfbg.net\/index.php\/wp-json\/wp\/v2\/media\/2254"}],"wp:attachment":[{"href":"https:\/\/www.ccfbg.net\/index.php\/wp-json\/wp\/v2\/media?parent=2253"}],"wp:term":[{"taxonomy":"post_tag","embeddable":true,"href":"https:\/\/www.ccfbg.net\/index.php\/wp-json\/wp\/v2\/tags?post=2253"},{"taxonomy":"tribe_events_cat","embeddable":true,"href":"https:\/\/www.ccfbg.net\/index.php\/wp-json\/wp\/v2\/tribe_events_cat?post=2253"}],"curies":[{"name":"wp","href":"https:\/\/api.w.org\/{rel}","templated":true}]}}